{"id":641,"date":"2019-04-16T12:11:32","date_gmt":"2019-04-16T10:11:32","guid":{"rendered":"https:\/\/glueck-wunsch.de\/testimonial381b\/?page_id=641"},"modified":"2021-05-19T18:16:05","modified_gmt":"2021-05-19T16:16:05","slug":"presbyterium","status":"publish","type":"page","link":"https:\/\/glueck-wunsch.de\/testimonial381b\/presbyterium\/","title":{"rendered":"Presbyterium"},"content":{"rendered":"\n<h2 class=\"wp-block-heading\">Zur Arbeit des Presbyteriums<\/h2>\n\n\n\n<p>Die Evangelische Kirche im Rheinland (EKiR)&nbsp; ist presbyterial-synodal geordnet,&nbsp;das hei\u00dft nicht nur Geistliche sind befugt die Gemeinde zu leiten, sondern grunds\u00e4tzlich&nbsp;alle Getauften.<\/p>\n\n\n\n<p>Die Gemeinde leitet sich also selbst, die Kirche wird von unten her gebildet.<\/p>\n\n\n\n<p>Alle vier Jahre w\u00e4hlt die Gemeinde Menschen, die dieses sch\u00f6ne, verantwortungsvolle&nbsp;Ehrenamt aus\u00fcben wollen, zu Presbyterinnen und Presbytern.<\/p>\n\n\n\n<p>Gemeinsam mit den Pfarrerinnen und Pfarrern bestimmen sie \u00fcber Priorit\u00e4ten und Aufgaben, entscheiden \u00fcber die Finanzen und das Personal der Gemeinde.<\/p>\n\n\n\n<div class=\"wp-block-columns is-layout-flex wp-container-core-columns-is-layout-9d6595d7 wp-block-columns-is-layout-flex\">\n<div class=\"wp-block-column is-layout-flow wp-block-column-is-layout-flow\"><\/div>\n\n\n\n<div class=\"wp-block-column is-layout-flow wp-block-column-is-layout-flow\"><\/div>\n<\/div>\n\n\n\n<div class=\"wp-block-columns is-layout-flex wp-container-core-columns-is-layout-9d6595d7 wp-block-columns-is-layout-flex\">\n<div class=\"wp-block-column is-layout-flow wp-block-column-is-layout-flow\">\n<figure class=\"wp-block-image size-large\"><img decoding=\"async\" src=\"https:\/\/evangelisch-in-koeln-dellbrueck-holweide.de\/wp-content\/uploads\/2020\/09\/Buksch-Tameling-Angelika-225x300-2.jpg\" alt=\"\" class=\"wp-image-6319\"\/><figcaption>Angelika Bucksch-Tameling<br>Personalkirchmeisterin<\/figcaption><\/figure>\n<\/div>\n\n\n\n<div class=\"wp-block-column is-layout-flow wp-block-column-is-layout-flow\">\n<figure class=\"wp-block-image size-large\"><img decoding=\"async\" src=\"https:\/\/evangelisch-in-koeln-dellbrueck-holweide.de\/wp-content\/uploads\/2020\/09\/Heyder-Spa\u0308th-Helga-225x300-4.jpg\" alt=\"\" class=\"wp-image-6325\"\/><figcaption>Helga Heyder-Sp\u00e4th <br>stellvertr. Vorsitzende<\/figcaption><\/figure>\n<\/div>\n\n\n\n<div class=\"wp-block-column is-layout-flow wp-block-column-is-layout-flow\">\n<figure class=\"wp-block-image size-large\"><img decoding=\"async\" src=\"https:\/\/evangelisch-in-koeln-dellbrueck-holweide.de\/wp-content\/uploads\/2020\/09\/Hildebrandt-Karola-225x300-7.jpg\" alt=\"\" class=\"wp-image-6321\"\/><figcaption>Karola Hildebrandt<\/figcaption><\/figure>\n<\/div>\n<\/div>\n\n\n\n<div class=\"wp-block-columns is-layout-flex wp-container-core-columns-is-layout-9d6595d7 wp-block-columns-is-layout-flex\">\n<div class=\"wp-block-column is-layout-flow wp-block-column-is-layout-flow\">\n<figure class=\"wp-block-image size-large\"><img decoding=\"async\" src=\"https:\/\/evangelisch-in-koeln-dellbrueck-holweide.de\/wp-content\/uploads\/2020\/11\/jantzen-siegmund-astrid-225x300-1.jpg\" alt=\"Astrid Jantzen-Siegmund\" class=\"wp-image-6756\"\/><figcaption>Astrid Jantzen-Siegmund<\/figcaption><\/figure>\n<\/div>\n\n\n\n<div class=\"wp-block-column is-layout-flow wp-block-column-is-layout-flow\">\n<figure class=\"wp-block-image size-large\"><img decoding=\"async\" src=\"https:\/\/evangelisch-in-koeln-dellbrueck-holweide.de\/wp-content\/uploads\/2020\/09\/Kalinke-Linda-225x300-3.jpg\" alt=\"\" class=\"wp-image-6291\"\/><figcaption>Linda Kalinke<\/figcaption><\/figure>\n<\/div>\n\n\n\n<div class=\"wp-block-column is-layout-flow wp-block-column-is-layout-flow\">\n<figure class=\"wp-block-image size-large\"><img decoding=\"async\" src=\"https:\/\/evangelisch-in-koeln-dellbrueck-holweide.de\/wp-content\/uploads\/2020\/09\/Ka\u0308mmerer-Barbara-225x300-3.jpg\" alt=\"\" class=\"wp-image-6316\"\/><figcaption>Barbara K\u00e4mmerer<\/figcaption><\/figure>\n<\/div>\n<\/div>\n\n\n\n<div class=\"wp-block-columns is-layout-flex wp-container-core-columns-is-layout-9d6595d7 wp-block-columns-is-layout-flex\">\n<div class=\"wp-block-column is-layout-flow wp-block-column-is-layout-flow\">\n<div class=\"wp-block-image\"><figure class=\"aligncenter size-large\"><a href=\"https:\/\/evangelisch-in-koeln-dellbrueck-holweide.de\/wp-content\/uploads\/2020\/09\/Kaemmerer-Joerg-225x300-3.jpg\"><img decoding=\"async\" src=\"https:\/\/evangelisch-in-koeln-dellbrueck-holweide.de\/wp-content\/uploads\/2020\/09\/Kaemmerer-Joerg-225x300-3.jpg\" alt=\"\" class=\"wp-image-6315\"\/><\/a><figcaption>J\u00f6rg K\u00e4mmerer<\/figcaption><\/figure><\/div>\n<\/div>\n\n\n\n<div class=\"wp-block-column is-layout-flow wp-block-column-is-layout-flow\">\n<figure class=\"wp-block-image size-large\"><img decoding=\"async\" src=\"https:\/\/evangelisch-in-koeln-dellbrueck-holweide.de\/wp-content\/uploads\/2020\/09\/Kirsch-Lothar-225x300-1.jpg\" alt=\"\" class=\"wp-image-6275\"\/><figcaption>Lothar Kirsch<\/figcaption><\/figure>\n<\/div>\n\n\n\n<div class=\"wp-block-column is-layout-flow wp-block-column-is-layout-flow\"><\/div>\n<\/div>\n\n\n\n<div class=\"wp-block-columns is-layout-flex wp-container-core-columns-is-layout-9d6595d7 wp-block-columns-is-layout-flex\">\n<div class=\"wp-block-column is-layout-flow wp-block-column-is-layout-flow\">\n<figure class=\"wp-block-image size-large\"><img decoding=\"async\" src=\"https:\/\/evangelisch-in-koeln-dellbrueck-holweide.de\/wp-content\/uploads\/2020\/09\/Mettenboerger-Brigitte-225x300-1.jpg\" alt=\"\" class=\"wp-image-6277\"\/><figcaption>Brigitte Mettenb\u00f6rger<\/figcaption><\/figure>\n<\/div>\n\n\n\n<div class=\"wp-block-column is-layout-flow wp-block-column-is-layout-flow\">\n<figure class=\"wp-block-image size-large\"><img decoding=\"async\" src=\"https:\/\/evangelisch-in-koeln-dellbrueck-holweide.de\/wp-content\/uploads\/2020\/11\/mueller-guenter-225x300-1.jpg\" alt=\"G\u00fcnter M\u00fcller\" class=\"wp-image-6766\"\/><figcaption>G\u00fcnter M\u00fcller<br>Baukirchmeister<\/figcaption><\/figure>\n<\/div>\n\n\n\n<div class=\"wp-block-column is-layout-flow wp-block-column-is-layout-flow\">\n<figure class=\"wp-block-image size-large\"><img decoding=\"async\" src=\"https:\/\/evangelisch-in-koeln-dellbrueck-holweide.de\/wp-content\/uploads\/2020\/09\/Nagy-Jens-225x300-1.jpg\" alt=\"\" class=\"wp-image-6278\"\/><figcaption>Jens Nagy<\/figcaption><\/figure>\n<\/div>\n<\/div>\n\n\n\n<div class=\"wp-block-columns is-layout-flex wp-container-core-columns-is-layout-9d6595d7 wp-block-columns-is-layout-flex\">\n<div class=\"wp-block-column is-layout-flow wp-block-column-is-layout-flow\">\n<figure class=\"wp-block-image size-large\"><img decoding=\"async\" src=\"https:\/\/evangelisch-in-koeln-dellbrueck-holweide.de\/wp-content\/uploads\/2020\/09\/REHNITZ-JO\u0308RG-225x300-2.jpg\" alt=\"J\u00f6rg Rehnitz\" class=\"wp-image-6317\"\/><figcaption>J\u00f6rg Rehnitz\nFinanzkirchmeister<\/figcaption><\/figure>\n<\/div>\n\n\n\n<div class=\"wp-block-column is-layout-flow wp-block-column-is-layout-flow\">\n<figure class=\"wp-block-image size-large\"><img decoding=\"async\" src=\"https:\/\/evangelisch-in-koeln-dellbrueck-holweide.de\/wp-content\/uploads\/2020\/09\/Schmitz-Ute-225x300-1.jpg\" alt=\"\" class=\"wp-image-6281\"\/><figcaption>Ute Schmitz<\/figcaption><\/figure>\n<\/div>\n\n\n\n<div class=\"wp-block-column is-layout-flow wp-block-column-is-layout-flow\">\n<figure class=\"wp-block-image size-large\"><img decoding=\"async\" src=\"https:\/\/evangelisch-in-koeln-dellbrueck-holweide.de\/wp-content\/uploads\/2020\/09\/Tack-Thomas-225x300-1.jpg\" alt=\"\" class=\"wp-image-6282\"\/><figcaption>Thomas Tack<\/figcaption><\/figure>\n<\/div>\n<\/div>\n\n\n\n<div class=\"wp-block-columns is-layout-flex wp-container-core-columns-is-layout-9d6595d7 wp-block-columns-is-layout-flex\">\n<div class=\"wp-block-column is-layout-flow wp-block-column-is-layout-flow\">\n<figure class=\"wp-block-image size-large\"><img decoding=\"async\" src=\"https:\/\/evangelisch-in-koeln-dellbrueck-holweide.de\/wp-content\/uploads\/2020\/11\/Tiedemann-Ulrike-300-175.jpg\" alt=\"Ulrike Tiedemann\" class=\"wp-image-6586\"\/><figcaption>Ulrike Tiedemann<\/figcaption><\/figure>\n<\/div>\n\n\n\n<div class=\"wp-block-column is-layout-flow wp-block-column-is-layout-flow\">\n<figure class=\"wp-block-image size-large\"><img decoding=\"async\" src=\"https:\/\/evangelisch-in-koeln-dellbrueck-holweide.de\/wp-content\/uploads\/2020\/09\/Wohlrab-Dagmar-225x300-1.jpg\" alt=\"\" class=\"wp-image-6283\"\/><figcaption>Dagmar Wohlrab\nDiakoniemeisterin<\/figcaption><\/figure>\n<\/div>\n\n\n\n<div class=\"wp-block-column is-layout-flow wp-block-column-is-layout-flow\">\n<figure class=\"wp-block-image size-large\"><img decoding=\"async\" src=\"https:\/\/evangelisch-in-koeln-dellbrueck-holweide.de\/wp-content\/uploads\/2020\/09\/Wolter-Bernd-225x300-.jpeg\" alt=\"\" class=\"wp-image-6284\"\/><figcaption>Bernd Wolter<\/figcaption><\/figure>\n<\/div>\n<\/div>\n\n\n\n<div class=\"wp-block-columns is-layout-flex wp-container-core-columns-is-layout-9d6595d7 wp-block-columns-is-layout-flex\">\n<div class=\"wp-block-column is-layout-flow wp-block-column-is-layout-flow\"><\/div>\n\n\n\n<div class=\"wp-block-column is-layout-flow wp-block-column-is-layout-flow\">\n<figure class=\"wp-block-image size-large\"><img decoding=\"async\" src=\"https:\/\/evangelisch-in-koeln-dellbrueck-holweide.de\/wp-content\/uploads\/2020\/09\/Gerner-Cornelia-225x300-1.jpg\" alt=\"\" class=\"wp-image-6285\"\/><figcaption>Cornelia Gerner\nMitarbeiterpresbyterin<\/figcaption><\/figure>\n<\/div>\n\n\n\n<div class=\"wp-block-column is-layout-flow wp-block-column-is-layout-flow\"><\/div>\n<\/div>\n\n\n\n<h3 class=\"wp-block-heading\">Organisation des Presbyteriums<\/h3>\n\n\n\n<p>Die Mitglieder des Presbyteriums treffen sich regelm\u00e4\u00dfig, um \u00fcber alle Angelegenheiten der Gemeindef\u00fchrung und -entwicklung zu beraten und zu entscheiden. Dabei werden die Entscheidungen des Presbyteriums in Aussch\u00fcssen vorbereitet und durch die Arbeit der Kirchmeisterrunde unterst\u00fctzt, in der neben den PfarrerInnen und den Vorsitzenden des Presbyteriums auch die sogenannten KirchmeisterInnen mit ihren speziellen Aufgaben vertreten sind.<\/p>\n\n\n\n<hr class=\"wp-block-separator\"\/>\n\n\n\n<p><a href=\"https:\/\/evangelisch-in-koeln-dellbrueck-holweide.de\/tag\/presbyterium\/\">Hier finden Sie Berichte aus der Arbeit des Presbyteriums<\/a><\/p>\n\n\n\n<p><\/p>\n\n\n\n<p><\/p>\n","protected":false},"excerpt":{"rendered":"<p>Zur Arbeit des Presbyteriums Die Evangelische Kirche im Rheinland (EKiR)&nbsp; ist presbyterial-synodal geordnet,&nbsp;das hei\u00dft nicht nur Geistliche sind befugt die Gemeinde zu leiten, sondern grunds\u00e4tzlich&nbsp;alle Getauften. Die Gemeinde leitet sich also selbst, die Kirche wird von unten her gebildet. Alle vier Jahre w\u00e4hlt die Gemeinde Menschen, die dieses sch\u00f6ne, verantwortungsvolle&nbsp;Ehrenamt aus\u00fcben wollen, zu Presbyterinnen und [&hellip;]<\/p>\n","protected":false},"author":21,"featured_media":0,"parent":0,"menu_order":0,"comment_status":"closed","ping_status":"closed","template":"","meta":{"_uag_custom_page_level_css":"","ocean_post_layout":"","ocean_both_sidebars_style":"","ocean_both_sidebars_content_width":0,"ocean_both_sidebars_sidebars_width":0,"ocean_sidebar":"0","ocean_second_sidebar":"0","ocean_disable_margins":"enable","ocean_add_body_class":"","ocean_shortcode_before_top_bar":"","ocean_shortcode_after_top_bar":"","ocean_shortcode_before_header":"","ocean_shortcode_after_header":"","ocean_has_shortcode":"","ocean_shortcode_after_title":"","ocean_shortcode_before_footer_widgets":"","ocean_shortcode_after_footer_widgets":"","ocean_shortcode_before_footer_bottom":"","ocean_shortcode_after_footer_bottom":"","ocean_display_top_bar":"default","ocean_display_header":"default","ocean_header_style":"","ocean_center_header_left_menu":"0","ocean_custom_header_template":"0","ocean_custom_logo":0,"ocean_custom_retina_logo":0,"ocean_custom_logo_max_width":0,"ocean_custom_logo_tablet_max_width":0,"ocean_custom_logo_mobile_max_width":0,"ocean_custom_logo_max_height":0,"ocean_custom_logo_tablet_max_height":0,"ocean_custom_logo_mobile_max_height":0,"ocean_header_custom_menu":"0","ocean_menu_typo_font_family":"0","ocean_menu_typo_font_subset":"","ocean_menu_typo_font_size":0,"ocean_menu_typo_font_size_tablet":0,"ocean_menu_typo_font_size_mobile":0,"ocean_menu_typo_font_size_unit":"px","ocean_menu_typo_font_weight":"","ocean_menu_typo_font_weight_tablet":"","ocean_menu_typo_font_weight_mobile":"","ocean_menu_typo_transform":"","ocean_menu_typo_transform_tablet":"","ocean_menu_typo_transform_mobile":"","ocean_menu_typo_line_height":0,"ocean_menu_typo_line_height_tablet":0,"ocean_menu_typo_line_height_mobile":0,"ocean_menu_typo_line_height_unit":"","ocean_menu_typo_spacing":0,"ocean_menu_typo_spacing_tablet":0,"ocean_menu_typo_spacing_mobile":0,"ocean_menu_typo_spacing_unit":"","ocean_menu_link_color":"","ocean_menu_link_color_hover":"","ocean_menu_link_color_active":"","ocean_menu_link_background":"","ocean_menu_link_hover_background":"","ocean_menu_link_active_background":"","ocean_menu_social_links_bg":"","ocean_menu_social_hover_links_bg":"","ocean_menu_social_links_color":"","ocean_menu_social_hover_links_color":"","ocean_disable_title":"default","ocean_disable_heading":"default","ocean_post_title":"","ocean_post_subheading":"","ocean_post_title_style":"","ocean_post_title_background_color":"","ocean_post_title_background":0,"ocean_post_title_bg_image_position":"","ocean_post_title_bg_image_attachment":"","ocean_post_title_bg_image_repeat":"","ocean_post_title_bg_image_size":"","ocean_post_title_height":0,"ocean_post_title_bg_overlay":0.5,"ocean_post_title_bg_overlay_color":"","ocean_disable_breadcrumbs":"default","ocean_breadcrumbs_color":"","ocean_breadcrumbs_separator_color":"","ocean_breadcrumbs_links_color":"","ocean_breadcrumbs_links_hover_color":"","ocean_display_footer_widgets":"default","ocean_display_footer_bottom":"default","ocean_custom_footer_template":"0","footnotes":""},"class_list":["post-641","page","type-page","status-publish","hentry","entry"],"featured_image_src":null,"uagb_featured_image_src":{"full":false,"thumbnail":false,"medium":false,"medium_large":false,"large":false,"1536x1536":false,"2048x2048":false,"ocean-thumb-m":false,"ocean-thumb-ml":false,"ocean-thumb-l":false},"uagb_author_info":{"display_name":"Nora Mieke","author_link":"https:\/\/glueck-wunsch.de\/testimonial381b\/author\/admin-mieke\/"},"uagb_comment_info":0,"uagb_excerpt":"Zur Arbeit des Presbyteriums Die Evangelische Kirche im Rheinland (EKiR)&nbsp; ist presbyterial-synodal geordnet,&nbsp;das hei\u00dft nicht nur Geistliche sind befugt die Gemeinde zu leiten, sondern grunds\u00e4tzlich&nbsp;alle Getauften. Die Gemeinde leitet sich also selbst, die Kirche wird von unten her gebildet. Alle vier Jahre w\u00e4hlt die Gemeinde Menschen, die dieses sch\u00f6ne, verantwortungsvolle&nbsp;Ehrenamt aus\u00fcben wollen, zu Presbyterinnen und&hellip;","_links":{"self":[{"href":"https:\/\/glueck-wunsch.de\/testimonial381b\/wp-json\/wp\/v2\/pages\/641","targetHints":{"allow":["GET"]}}],"collection":[{"href":"https:\/\/glueck-wunsch.de\/testimonial381b\/wp-json\/wp\/v2\/pages"}],"about":[{"href":"https:\/\/glueck-wunsch.de\/testimonial381b\/wp-json\/wp\/v2\/types\/page"}],"author":[{"embeddable":true,"href":"https:\/\/glueck-wunsch.de\/testimonial381b\/wp-json\/wp\/v2\/users\/21"}],"replies":[{"embeddable":true,"href":"https:\/\/glueck-wunsch.de\/testimonial381b\/wp-json\/wp\/v2\/comments?post=641"}],"version-history":[{"count":5,"href":"https:\/\/glueck-wunsch.de\/testimonial381b\/wp-json\/wp\/v2\/pages\/641\/revisions"}],"predecessor-version":[{"id":3259,"href":"https:\/\/glueck-wunsch.de\/testimonial381b\/wp-json\/wp\/v2\/pages\/641\/revisions\/3259"}],"wp:attachment":[{"href":"https:\/\/glueck-wunsch.de\/testimonial381b\/wp-json\/wp\/v2\/media?parent=641"}],"curies":[{"name":"wp","href":"https:\/\/api.w.org\/{rel}","templated":true}]}}